{"id":108,"date":"2019-04-03T09:45:59","date_gmt":"2019-04-03T07:45:59","guid":{"rendered":"http:\/\/emtt48.fr\/?page_id=108"},"modified":"2019-04-04T09:40:08","modified_gmt":"2019-04-04T07:40:08","slug":"saison-2008-2007","status":"publish","type":"page","link":"https:\/\/emtt48.fr\/index.php\/saison-2008-2007\/","title":{"rendered":"Saison 2007-2008"},"content":{"rendered":"\n<b>Les joueurs de l&#8217;EMTT<\/b><br>\n<a href=\"https:\/\/get.google.com\/albumarchive\/113828188805546847589\/album\/AF1QipNSuf-Y9uS9jOnR1iO6gYEMH-miqv5pSBo2ZMGz\" target=\"_blank\" rel=\"noopener noreferrer\"><img src=\"http:\/\/emtt48.fr\/wp-content\/uploads\/2019\/04\/joueurs-emtt.jpg\" width=\"500\" alt=\"Les joueurs de l'EMTT\"><\/a>\n\n\n\n<div style=\"height:100px\" aria-hidden=\"true\" class=\"wp-block-spacer\"><\/div>\n\n\n\n<b>D\u00e9part de l&#8217;entra\u00eeneur Micka\u00ebl &#8211; 2008<\/b><br>\n<a href=\"https:\/\/get.google.com\/albumarchive\/113828188805546847589\/album\/AF1QipNzgQlZ2MNOA3m5EB6WCROclyIlpGNpV4am2Ma1\" target=\"_blank\" rel=\"noopener noreferrer\"><img src=\"http:\/\/emtt48.fr\/wp-content\/uploads\/2019\/04\/depart.jpg\" width=\"500\" alt=\"D\u00e9part de l'entra\u00eeneur Micka\u00ebl - 2008\"><\/a>\n\n\n\n<div style=\"height:100px\" aria-hidden=\"true\" class=\"wp-block-spacer\"><\/div>\n\n\n\n<b>Finales championnat jeunes 2008<\/b><br>\n<a href=\"https:\/\/get.google.com\/albumarchive\/113828188805546847589\/album\/AF1QipOHmRBD9UUJEtqUQS9cypw1Q8D2muCNoRu4g_GU\" target=\"_blank\" rel=\"noopener noreferrer\"><img src=\"http:\/\/emtt48.fr\/wp-content\/uploads\/2019\/04\/finale.jpg\" width=\"500\" alt=\"Finales championnat jeunes 2008\"><\/a>\n\n\n\n<div style=\"height:100px\" aria-hidden=\"true\" class=\"wp-block-spacer\"><\/div>\n\n\n\n<b>Repas fin d&#8217;ann\u00e9e 2008<\/b><br>\n<a href=\"https:\/\/get.google.com\/albumarchive\/113828188805546847589\/album\/AF1QipME1a-iflkgAEUwybVkyG_cA_5EUBx3P5YUqZC5\" target=\"_blank\" rel=\"noopener noreferrer\"><img src=\"http:\/\/emtt48.fr\/wp-content\/uploads\/2019\/04\/repas-fin-annee.jpg\" width=\"500\" alt=\"Repas fin d'ann\u00e9e 2008\"><\/a>\n","protected":false},"excerpt":{"rendered":"<p>Les joueurs de l&#8217;EMTT D\u00e9part de l&#8217;entra\u00eeneur Micka\u00ebl &#8211; 2008 Finales championnat jeunes 2008 Repas fin d&#8217;ann\u00e9e 2008<\/p>\n","protected":false},"author":1,"featured_media":0,"parent":0,"menu_order":0,"comment_status":"closed","ping_status":"closed","template":"","meta":[],"_links":{"self":[{"href":"https:\/\/emtt48.fr\/index.php\/wp-json\/wp\/v2\/pages\/108"}],"collection":[{"href":"https:\/\/emtt48.fr\/index.php\/wp-json\/wp\/v2\/pages"}],"about":[{"href":"https:\/\/emtt48.fr\/index.php\/wp-json\/wp\/v2\/types\/page"}],"author":[{"embeddable":true,"href":"https:\/\/emtt48.fr\/index.php\/wp-json\/wp\/v2\/users\/1"}],"replies":[{"embeddable":true,"href":"https:\/\/emtt48.fr\/index.php\/wp-json\/wp\/v2\/comments?post=108"}],"version-history":[{"count":4,"href":"https:\/\/emtt48.fr\/index.php\/wp-json\/wp\/v2\/pages\/108\/revisions"}],"predecessor-version":[{"id":339,"href":"https:\/\/emtt48.fr\/index.php\/wp-json\/wp\/v2\/pages\/108\/revisions\/339"}],"wp:attachment":[{"href":"https:\/\/emtt48.fr\/index.php\/wp-json\/wp\/v2\/media?parent=108"}],"curies":[{"name":"wp","href":"https:\/\/api.w.org\/{rel}","templated":true}]}}